{"id":253359,"date":"2025-09-17T07:43:15","date_gmt":"2025-09-17T05:43:15","guid":{"rendered":"https:\/\/sky-bubbles.com\/?page_id=253359"},"modified":"2025-09-17T07:52:59","modified_gmt":"2025-09-17T05:52:59","slug":"disenar-para-emocionar-cuando-el-espacio-toca-algo-mas-que-el-cuerpo","status":"publish","type":"page","link":"https:\/\/sky-bubbles.com\/es\/disenar-para-emocionar-cuando-el-espacio-toca-algo-mas-que-el-cuerpo\/","title":{"rendered":"Dise\u00f1ar para emocionar: cuando el espacio toca algo m\u00e1s que el cuerpo"},"content":{"rendered":"<p>[et_pb_section fb_built=&#8221;1&#8243; _builder_version=&#8221;4.19.0&#8243; _module_preset=&#8221;default&#8221; background_color=&#8221;#f1f1df&#8221; custom_padding=&#8221;0px|||||&#8221; da_disable_devices=&#8221;off|off|off&#8221; locked=&#8221;off&#8221; global_colors_info=&#8221;{}&#8221; da_is_popup=&#8221;off&#8221; da_exit_intent=&#8221;off&#8221; da_has_close=&#8221;on&#8221; da_alt_close=&#8221;off&#8221; da_dark_close=&#8221;off&#8221; da_not_modal=&#8221;on&#8221; da_is_singular=&#8221;off&#8221; da_with_loader=&#8221;off&#8221; da_has_shadow=&#8221;on&#8221;][et_pb_row column_structure=&#8221;1_5,3_5,1_5&#8243; _builder_version=&#8221;4.22.1&#8243; _module_preset=&#8221;default&#8221; global_colors_info=&#8221;{}&#8221;][et_pb_column type=&#8221;1_5&#8243; _builder_version=&#8221;4.19.0&#8243; _module_preset=&#8221;default&#8221; global_colors_info=&#8221;{}&#8221;][\/et_pb_column][et_pb_column type=&#8221;3_5&#8243; _builder_version=&#8221;4.19.0&#8243; _module_preset=&#8221;default&#8221; global_colors_info=&#8221;{}&#8221;][et_pb_text _builder_version=&#8221;4.27.4&#8243; _module_preset=&#8221;default&#8221; text_font=&#8221;Montserrat|700|||||||&#8221; text_text_color=&#8221;#000000&#8243; text_font_size=&#8221;37px&#8221; text_line_height=&#8221;30px&#8221; text_orientation=&#8221;center&#8221; hover_enabled=&#8221;0&#8243; global_colors_info=&#8221;{}&#8221; sticky_enabled=&#8221;0&#8243;]Dise\u00f1ar para emocionar: cuando el espacio toca algo m\u00e1s que el cuerpo[\/et_pb_text][et_pb_button button_text=&#8221;APRENDIZAJE&#8221; button_alignment=&#8221;center&#8221; module_class=&#8221;df-button dfc-entrevistas&#8221; _builder_version=&#8221;4.27.4&#8243; _module_preset=&#8221;default&#8221; custom_button=&#8221;on&#8221; button_text_size=&#8221;14px&#8221; button_text_color=&#8221;#000000&#8243; button_bg_color=&#8221;RGBA(255,255,255,0)&#8221; button_border_width=&#8221;1px&#8221; button_border_radius=&#8221;100px&#8221; button_use_icon=&#8221;off&#8221; custom_margin=&#8221;|20px|||false|false&#8221; custom_padding=&#8221;0px|20px|0px|20px|false|false&#8221; hover_enabled=&#8221;0&#8243; locked=&#8221;off&#8221; global_colors_info=&#8221;{}&#8221; button_bg_color__hover_enabled=&#8221;on|hover&#8221; button_bg_color__hover=&#8221;#7296ab&#8221; button_bg_enable_color__hover=&#8221;on&#8221; button_text_color__hover_enabled=&#8221;on|hover&#8221; button_text_color__hover=&#8221;#FFFFFF&#8221; sticky_enabled=&#8221;0&#8243;][\/et_pb_button][\/et_pb_column][et_pb_column type=&#8221;1_5&#8243; _builder_version=&#8221;4.19.0&#8243; _module_preset=&#8221;default&#8221; global_colors_info=&#8221;{}&#8221;][\/et_pb_column][\/et_pb_row][et_pb_row column_structure=&#8221;1_5,3_5,1_5&#8243; _builder_version=&#8221;4.19.0&#8243; _module_preset=&#8221;default&#8221; global_colors_info=&#8221;{}&#8221;][et_pb_column type=&#8221;1_5&#8243; _builder_version=&#8221;4.19.0&#8243; _module_preset=&#8221;default&#8221; global_colors_info=&#8221;{}&#8221;][\/et_pb_column][et_pb_column type=&#8221;3_5&#8243; _builder_version=&#8221;4.19.0&#8243; _module_preset=&#8221;default&#8221; global_colors_info=&#8221;{}&#8221;][et_pb_text _builder_version=&#8221;4.27.4&#8243; _module_preset=&#8221;default&#8221; text_font=&#8221;Barlow|300|||||||&#8221; text_text_color=&#8221;#000000&#8243; hover_enabled=&#8221;0&#8243; global_colors_info=&#8221;{}&#8221; sticky_enabled=&#8221;0&#8243;]En el mundo del dise\u00f1o de espacios, pocas cosas resultan tan complejas (y a la vez tan necesarias) como provocar una emoci\u00f3n. Durante d\u00e9cadas, el confort ha sido el objetivo principal de muchos alojamientos: una cama amplia, una ducha potente, un mobiliario funcional. Sin embargo, hoy esa promesa ya no es suficiente. El viajero contempor\u00e1neo no solo busca descansar, sino sentir. Vivimos una transformaci\u00f3n profunda en la forma en que concebimos la hospitalidad, y el dise\u00f1o de espacios ha dejado de ser un recurso t\u00e9cnico para convertirse en una herramienta de conexi\u00f3n. Una estancia que no emociona dif\u00edcilmente se recuerda, y lo que no se recuerda, no se comparte ni se repite.[\/et_pb_text][\/et_pb_column][et_pb_column type=&#8221;1_5&#8243; _builder_version=&#8221;4.19.0&#8243; _module_preset=&#8221;default&#8221; global_colors_info=&#8221;{}&#8221;][\/et_pb_column][\/et_pb_row][et_pb_row column_structure=&#8221;1_5,3_5,1_5&#8243; _builder_version=&#8221;4.19.0&#8243; _module_preset=&#8221;default&#8221; global_colors_info=&#8221;{}&#8221;][et_pb_column type=&#8221;1_5&#8243; _builder_version=&#8221;4.19.0&#8243; _module_preset=&#8221;default&#8221; global_colors_info=&#8221;{}&#8221;][\/et_pb_column][et_pb_column type=&#8221;3_5&#8243; _builder_version=&#8221;4.19.0&#8243; _module_preset=&#8221;default&#8221; global_colors_info=&#8221;{}&#8221;][et_pb_text _builder_version=&#8221;4.27.4&#8243; _module_preset=&#8221;default&#8221; text_font=&#8221;Barlow|300|||||||&#8221; text_text_color=&#8221;#000000&#8243; hover_enabled=&#8221;0&#8243; global_colors_info=&#8221;{}&#8221; sticky_enabled=&#8221;0&#8243;]Ya no basta con ofrecer un lugar c\u00f3modo donde pasar la noche: los hoteles que marcan la diferencia son aquellos capaces de construir atm\u00f3sferas que conecten emocionalmente con quienes los habitan, aunque sea por unas pocas horas. Y es que hay algo muy poderoso en c\u00f3mo se dise\u00f1an los espacios, algo que va m\u00e1s all\u00e1 de su funci\u00f3n pr\u00e1ctica. La forma en que la luz entra, el silencio de un entorno natural, la textura de los materiales, el equilibrio entre apertura y recogimiento\u2026 Todo eso influye, de forma silenciosa pero determinante, en c\u00f3mo nos sentimos. El espacio, bien pensado, puede calmar, inspirar, despertar. Y es justo ah\u00ed, en ese efecto intangible pero real, donde reside su verdadero valor.[\/et_pb_text][\/et_pb_column][et_pb_column type=&#8221;1_5&#8243; _builder_version=&#8221;4.19.0&#8243; _module_preset=&#8221;default&#8221; global_colors_info=&#8221;{}&#8221;][\/et_pb_column][\/et_pb_row][et_pb_row column_structure=&#8221;1_4,3_4&#8243; make_equal=&#8221;on&#8221; _builder_version=&#8221;4.27.4&#8243; _module_preset=&#8221;default&#8221; width_tablet=&#8221;&#8221; width_phone=&#8221;80%&#8221; width_last_edited=&#8221;on|phone&#8221; max_width=&#8221;2560px&#8221; locked=&#8221;off&#8221; global_colors_info=&#8221;{}&#8221;][et_pb_column type=&#8221;1_4&#8243; _builder_version=&#8221;4.22.1&#8243; _module_preset=&#8221;default&#8221; custom_padding=&#8221;||||false|false&#8221; global_colors_info=&#8221;{}&#8221;][\/et_pb_column][et_pb_column type=&#8221;3_4&#8243; _builder_version=&#8221;4.27.0&#8243; _module_preset=&#8221;default&#8221; custom_css_main_element=&#8221;align-self: center;&#8221; global_colors_info=&#8221;{}&#8221;][et_pb_text _builder_version=&#8221;4.27.4&#8243; _module_preset=&#8221;default&#8221; text_font=&#8221;Playfair Display|500|on||||||&#8221; text_text_color=&#8221;#000000&#8243; text_font_size=&#8221;32px&#8221; text_line_height=&#8221;39.3px&#8221; hover_enabled=&#8221;0&#8243; text_font_size_tablet=&#8221;46px&#8221; text_font_size_phone=&#8221;35px&#8221; text_font_size_last_edited=&#8221;on|phone&#8221; global_colors_info=&#8221;{}&#8221; sticky_enabled=&#8221;0&#8243;]De habitaci\u00f3n a experiencia: el nuevo rol del espacio en la hospitalidad[\/et_pb_text][\/et_pb_column][\/et_pb_row][et_pb_row column_structure=&#8221;1_5,3_5,1_5&#8243; use_custom_gutter=&#8221;on&#8221; gutter_width=&#8221;1&#8243; _builder_version=&#8221;4.27.0&#8243; _module_preset=&#8221;default&#8221; custom_padding=&#8221;0px|||||&#8221; global_colors_info=&#8221;{}&#8221;][et_pb_column type=&#8221;1_5&#8243; disabled_on=&#8221;on|off|off&#8221; _builder_version=&#8221;4.27.0&#8243; _module_preset=&#8221;default&#8221; custom_css_main_element=&#8221;width: 20%!important;&#8221; global_colors_info=&#8221;{}&#8221;][\/et_pb_column][et_pb_column type=&#8221;3_5&#8243; _builder_version=&#8221;4.27.0&#8243; _module_preset=&#8221;default&#8221; global_colors_info=&#8221;{}&#8221; custom_css_main_element_last_edited=&#8221;on|desktop&#8221;][et_pb_text _builder_version=&#8221;4.27.4&#8243; _module_preset=&#8221;default&#8221; text_font=&#8221;Barlow|300|||||||&#8221; text_text_color=&#8221;#000000&#8243; hover_enabled=&#8221;0&#8243; global_colors_info=&#8221;{}&#8221; sticky_enabled=&#8221;0&#8243;]<\/p>\n<p>Lo que hasta hace poco era simplemente \u201cuna habitaci\u00f3n\u201d hoy se ha convertido en el n\u00facleo emocional del viaje. Las personas no eligen d\u00f3nde dormir \u00fanicamente por comodidad o ubicaci\u00f3n, sino por la promesa de una vivencia distinta. En ese sentido, el espacio deja de ser un soporte pasivo y pasa a ser <strong>protagonista de la experiencia<\/strong>.<\/p>\n<p>Cuando alguien recuerda una estancia, pocas veces describe la l\u00f3gica de distribuci\u00f3n o los metros cuadrados. Lo que permanece en la memoria es el amanecer silencioso, la sensaci\u00f3n de estar protegido, pero al mismo tiempo conectado con el exterior, la emoci\u00f3n de contemplar el cielo sin barreras. Son detalles dif\u00edciles de cuantificar, pero que impactan directamente en c\u00f3mo se percibe un alojamiento.<\/p>\n<p>Por eso, <strong>dise\u00f1ar con la emoci\u00f3n como eje no es solo un gesto est\u00e9tico, sino una decisi\u00f3n estrat\u00e9gica<\/strong>. Es lo que permite diferenciarse en un mercado saturado de opciones aparentemente similares. Y es, adem\u00e1s, lo que convierte un espacio en una historia digna de ser contada, compartida o incluso repetida.<\/p>\n<p>[\/et_pb_text][\/et_pb_column][et_pb_column type=&#8221;1_5&#8243; disabled_on=&#8221;on|off|off&#8221; _builder_version=&#8221;4.27.0&#8243; _module_preset=&#8221;default&#8221; custom_css_main_element=&#8221;width: 20%!important;&#8221; global_colors_info=&#8221;{}&#8221;][\/et_pb_column][\/et_pb_row][et_pb_row column_structure=&#8221;1_5,3_5,1_5&#8243; make_equal=&#8221;on&#8221; _builder_version=&#8221;4.27.4&#8243; _module_preset=&#8221;default&#8221; width_tablet=&#8221;&#8221; width_phone=&#8221;80%&#8221; width_last_edited=&#8221;on|phone&#8221; max_width=&#8221;2560px&#8221; custom_margin=&#8221;-16px|auto||auto||&#8221; locked=&#8221;off&#8221; global_colors_info=&#8221;{}&#8221;][et_pb_column type=&#8221;1_5&#8243; _builder_version=&#8221;4.27.4&#8243; _module_preset=&#8221;default&#8221; custom_padding=&#8221;||||false|false&#8221; custom_css_main_element=&#8221;align-self: center;&#8221; global_colors_info=&#8221;{}&#8221;][\/et_pb_column][et_pb_column type=&#8221;3_5&#8243; _builder_version=&#8221;4.27.4&#8243; _module_preset=&#8221;default&#8221; custom_css_main_element=&#8221;align-self: center;&#8221; global_colors_info=&#8221;{}&#8221;][et_pb_image src=&#8221;https:\/\/sky-bubbles.com\/wp-content\/uploads\/2025\/09\/1.png&#8221; title_text=&#8221;1&#8243; force_fullwidth=&#8221;on&#8221; _builder_version=&#8221;4.27.4&#8243; _module_preset=&#8221;default&#8221; hover_enabled=&#8221;0&#8243; global_colors_info=&#8221;{}&#8221; sticky_enabled=&#8221;0&#8243;][\/et_pb_image][\/et_pb_column][et_pb_column type=&#8221;1_5&#8243; _builder_version=&#8221;4.27.4&#8243; _module_preset=&#8221;default&#8221; custom_css_main_element=&#8221;align-self: center;&#8221; global_colors_info=&#8221;{}&#8221;][\/et_pb_column][\/et_pb_row][et_pb_row column_structure=&#8221;1_4,3_4&#8243; make_equal=&#8221;on&#8221; _builder_version=&#8221;4.27.4&#8243; _module_preset=&#8221;default&#8221; width_tablet=&#8221;&#8221; width_phone=&#8221;80%&#8221; width_last_edited=&#8221;on|phone&#8221; max_width=&#8221;2560px&#8221; locked=&#8221;off&#8221; global_colors_info=&#8221;{}&#8221;][et_pb_column type=&#8221;1_4&#8243; _builder_version=&#8221;4.22.1&#8243; _module_preset=&#8221;default&#8221; custom_padding=&#8221;||||false|false&#8221; global_colors_info=&#8221;{}&#8221;][\/et_pb_column][et_pb_column type=&#8221;3_4&#8243; _builder_version=&#8221;4.27.0&#8243; _module_preset=&#8221;default&#8221; custom_css_main_element=&#8221;align-self: center;&#8221; global_colors_info=&#8221;{}&#8221;][et_pb_text _builder_version=&#8221;4.27.4&#8243; _module_preset=&#8221;default&#8221; text_font=&#8221;Playfair Display|500|on||||||&#8221; text_text_color=&#8221;#000000&#8243; text_font_size=&#8221;32px&#8221; text_line_height=&#8221;39.3px&#8221; hover_enabled=&#8221;0&#8243; text_font_size_tablet=&#8221;46px&#8221; text_font_size_phone=&#8221;35px&#8221; text_font_size_last_edited=&#8221;on|phone&#8221; global_colors_info=&#8221;{}&#8221; sticky_enabled=&#8221;0&#8243;]La arquitectura como facilitadora de conexi\u00f3n emocional[\/et_pb_text][\/et_pb_column][\/et_pb_row][et_pb_row column_structure=&#8221;1_5,3_5,1_5&#8243; use_custom_gutter=&#8221;on&#8221; gutter_width=&#8221;1&#8243; _builder_version=&#8221;4.27.0&#8243; _module_preset=&#8221;default&#8221; custom_padding=&#8221;0px|||||&#8221; global_colors_info=&#8221;{}&#8221;][et_pb_column type=&#8221;1_5&#8243; disabled_on=&#8221;on|off|off&#8221; _builder_version=&#8221;4.27.0&#8243; _module_preset=&#8221;default&#8221; custom_css_main_element=&#8221;width: 20%!important;&#8221; global_colors_info=&#8221;{}&#8221;][\/et_pb_column][et_pb_column type=&#8221;3_5&#8243; _builder_version=&#8221;4.27.0&#8243; _module_preset=&#8221;default&#8221; global_colors_info=&#8221;{}&#8221; custom_css_main_element_last_edited=&#8221;on|desktop&#8221;][et_pb_text _builder_version=&#8221;4.27.4&#8243; _module_preset=&#8221;default&#8221; text_font=&#8221;Barlow|300|||||||&#8221; text_text_color=&#8221;#000000&#8243; hover_enabled=&#8221;0&#8243; global_colors_info=&#8221;{}&#8221; sticky_enabled=&#8221;0&#8243;]<\/p>\n<p>La arquitectura no es \u00fanicamente una cuesti\u00f3n de estructuras o materiales. Tambi\u00e9n es un lenguaje que comunica valores, intenciones y sensaciones. En un contexto como el tur\u00edstico, donde el contacto con lo desconocido y lo extraordinario forma parte de la motivaci\u00f3n del viaje, <strong>el dise\u00f1o de espacios cobra un papel esencial como facilitador de experiencias transformadoras<\/strong>.<\/p>\n<p>Desde esta mirada, la arquitectura ligera, desmontable y respetuosa con el entorno, como la que propone Skybubbles, aporta una nueva capa de significado. No solo por su capacidad de integrarse sin impacto en parajes naturales, sino por su habilidad para ofrecer algo que escasea: <strong>una experiencia aut\u00e9ntica, inmersiva y emocionalmente poderosa<\/strong>. Dormir bajo las estrellas, rodeado de silencio y sin barreras visuales, puede parecer un lujo simple, pero en realidad representa una forma de reconectar con lo esencial.<\/p>\n<p>En este tipo de estructuras, todo se ha pensado para que la atenci\u00f3n no se centre en la burbuja, sino en lo que sucede dentro de ella. Son espacios dise\u00f1ados para desaparecer y dejar paso a lo importante: la emoci\u00f3n, la conexi\u00f3n, el recuerdo.<\/p>\n<p>[\/et_pb_text][\/et_pb_column][et_pb_column type=&#8221;1_5&#8243; disabled_on=&#8221;on|off|off&#8221; _builder_version=&#8221;4.27.0&#8243; _module_preset=&#8221;default&#8221; custom_css_main_element=&#8221;width: 20%!important;&#8221; global_colors_info=&#8221;{}&#8221;][\/et_pb_column][\/et_pb_row][et_pb_row column_structure=&#8221;1_5,3_5,1_5&#8243; make_equal=&#8221;on&#8221; _builder_version=&#8221;4.27.4&#8243; _module_preset=&#8221;default&#8221; width_tablet=&#8221;&#8221; width_phone=&#8221;80%&#8221; width_last_edited=&#8221;on|phone&#8221; max_width=&#8221;2560px&#8221; custom_margin=&#8221;-16px|auto||auto||&#8221; locked=&#8221;off&#8221; global_colors_info=&#8221;{}&#8221;][et_pb_column type=&#8221;1_5&#8243; _builder_version=&#8221;4.27.4&#8243; _module_preset=&#8221;default&#8221; custom_padding=&#8221;||||false|false&#8221; custom_css_main_element=&#8221;align-self: center;&#8221; global_colors_info=&#8221;{}&#8221;][\/et_pb_column][et_pb_column type=&#8221;3_5&#8243; _builder_version=&#8221;4.27.4&#8243; _module_preset=&#8221;default&#8221; custom_css_main_element=&#8221;align-self: center;&#8221; global_colors_info=&#8221;{}&#8221;][et_pb_image src=&#8221;https:\/\/sky-bubbles.com\/wp-content\/uploads\/2025\/09\/2.png&#8221; title_text=&#8221;2&#8243; force_fullwidth=&#8221;on&#8221; _builder_version=&#8221;4.27.4&#8243; _module_preset=&#8221;default&#8221; hover_enabled=&#8221;0&#8243; global_colors_info=&#8221;{}&#8221; sticky_enabled=&#8221;0&#8243;][\/et_pb_image][\/et_pb_column][et_pb_column type=&#8221;1_5&#8243; _builder_version=&#8221;4.27.4&#8243; _module_preset=&#8221;default&#8221; custom_css_main_element=&#8221;align-self: center;&#8221; global_colors_info=&#8221;{}&#8221;][\/et_pb_column][\/et_pb_row][et_pb_row column_structure=&#8221;1_4,3_4&#8243; make_equal=&#8221;on&#8221; _builder_version=&#8221;4.27.4&#8243; _module_preset=&#8221;default&#8221; width_tablet=&#8221;&#8221; width_phone=&#8221;80%&#8221; width_last_edited=&#8221;on|phone&#8221; max_width=&#8221;2560px&#8221; locked=&#8221;off&#8221; global_colors_info=&#8221;{}&#8221;][et_pb_column type=&#8221;1_4&#8243; _builder_version=&#8221;4.22.1&#8243; _module_preset=&#8221;default&#8221; custom_padding=&#8221;||||false|false&#8221; global_colors_info=&#8221;{}&#8221;][\/et_pb_column][et_pb_column type=&#8221;3_4&#8243; _builder_version=&#8221;4.27.0&#8243; _module_preset=&#8221;default&#8221; custom_css_main_element=&#8221;align-self: center;&#8221; global_colors_info=&#8221;{}&#8221;][et_pb_text _builder_version=&#8221;4.27.4&#8243; _module_preset=&#8221;default&#8221; text_font=&#8221;Playfair Display|500|on||||||&#8221; text_text_color=&#8221;#000000&#8243; text_font_size=&#8221;32px&#8221; text_line_height=&#8221;39.3px&#8221; hover_enabled=&#8221;0&#8243; text_font_size_tablet=&#8221;46px&#8221; text_font_size_phone=&#8221;35px&#8221; text_font_size_last_edited=&#8221;on|phone&#8221; global_colors_info=&#8221;{}&#8221; sticky_enabled=&#8221;0&#8243;]M\u00e1s all\u00e1 del dise\u00f1o funcional: un cambio de paradigma[\/et_pb_text][\/et_pb_column][\/et_pb_row][et_pb_row column_structure=&#8221;1_5,3_5,1_5&#8243; use_custom_gutter=&#8221;on&#8221; gutter_width=&#8221;1&#8243; _builder_version=&#8221;4.27.0&#8243; _module_preset=&#8221;default&#8221; custom_padding=&#8221;0px|||||&#8221; global_colors_info=&#8221;{}&#8221;][et_pb_column type=&#8221;1_5&#8243; disabled_on=&#8221;on|off|off&#8221; _builder_version=&#8221;4.27.0&#8243; _module_preset=&#8221;default&#8221; custom_css_main_element=&#8221;width: 20%!important;&#8221; global_colors_info=&#8221;{}&#8221;][\/et_pb_column][et_pb_column type=&#8221;3_5&#8243; _builder_version=&#8221;4.27.0&#8243; _module_preset=&#8221;default&#8221; global_colors_info=&#8221;{}&#8221; custom_css_main_element_last_edited=&#8221;on|desktop&#8221;][et_pb_text _builder_version=&#8221;4.27.4&#8243; _module_preset=&#8221;default&#8221; text_font=&#8221;Barlow|300|||||||&#8221; text_text_color=&#8221;#000000&#8243; hover_enabled=&#8221;0&#8243; global_colors_info=&#8221;{}&#8221; sticky_enabled=&#8221;0&#8243;]<\/p>\n<p>Asumir que el dise\u00f1o de un espacio debe provocar emoci\u00f3n es reconocer que <strong>la arquitectura tambi\u00e9n tiene un papel humanizador<\/strong>. No se trata \u00fanicamente de resolver una necesidad pr\u00e1ctica, sino de crear entornos que generen bienestar, inspiraci\u00f3n o incluso transformaci\u00f3n personal.<\/p>\n<p>En ese sentido, los hoteles que apuestan por experiencias como las que permiten las Skybubbles est\u00e1n abrazando un nuevo paradigma. Uno donde el lujo no est\u00e1 en la ostentaci\u00f3n, sino en la vivencia. Uno donde el impacto se mide menos en metros cuadrados y m\u00e1s en memorias duraderas.<\/p>\n<p>Al final, los espacios que se recuerdan no son los m\u00e1s grandes ni los m\u00e1s complejos. Son aquellos que, de alg\u00fan modo, <strong>han sabido tocar algo m\u00e1s que el cuerpo<\/strong>.<\/p>\n<p>Quien conecta emocionalmente, recuerda.<br \/>Y quien recuerda, vuelve.<\/p>\n<p>[\/et_pb_text][\/et_pb_column][et_pb_column type=&#8221;1_5&#8243; disabled_on=&#8221;on|off|off&#8221; _builder_version=&#8221;4.27.0&#8243; _module_preset=&#8221;default&#8221; custom_css_main_element=&#8221;width: 20%!important;&#8221; global_colors_info=&#8221;{}&#8221;][\/et_pb_column][\/et_pb_row][\/et_pb_section]<\/p>\n","protected":false},"excerpt":{"rendered":"<p>Dise\u00f1ar para emocionar: cuando el espacio toca algo m\u00e1s que el cuerpoEn el mundo del dise\u00f1o de espacios, pocas cosas resultan tan complejas (y a la vez tan necesarias) como provocar una emoci\u00f3n. Durante d\u00e9cadas, el confort ha sido el objetivo principal de muchos alojamientos: una cama amplia, una ducha potente, un mobiliario funcional. Sin [&hellip;]<\/p>\n","protected":false},"author":1,"featured_media":0,"parent":0,"menu_order":0,"comment_status":"closed","ping_status":"closed","template":"","meta":{"_et_pb_use_builder":"on","_et_pb_old_content":"","_et_gb_content_width":"","_monsterinsights_skip_tracking":false,"_monsterinsights_sitenote_active":false,"_monsterinsights_sitenote_note":"","_monsterinsights_sitenote_category":0,"footnotes":""},"class_list":["post-253359","page","type-page","status-publish","hentry"],"aioseo_notices":[],"_links":{"self":[{"href":"https:\/\/sky-bubbles.com\/es\/wp-json\/wp\/v2\/pages\/253359","targetHints":{"allow":["GET"]}}],"collection":[{"href":"https:\/\/sky-bubbles.com\/es\/wp-json\/wp\/v2\/pages"}],"about":[{"href":"https:\/\/sky-bubbles.com\/es\/wp-json\/wp\/v2\/types\/page"}],"author":[{"embeddable":true,"href":"https:\/\/sky-bubbles.com\/es\/wp-json\/wp\/v2\/users\/1"}],"replies":[{"embeddable":true,"href":"https:\/\/sky-bubbles.com\/es\/wp-json\/wp\/v2\/comments?post=253359"}],"version-history":[{"count":2,"href":"https:\/\/sky-bubbles.com\/es\/wp-json\/wp\/v2\/pages\/253359\/revisions"}],"predecessor-version":[{"id":253366,"href":"https:\/\/sky-bubbles.com\/es\/wp-json\/wp\/v2\/pages\/253359\/revisions\/253366"}],"wp:attachment":[{"href":"https:\/\/sky-bubbles.com\/es\/wp-json\/wp\/v2\/media?parent=253359"}],"curies":[{"name":"wp","href":"https:\/\/api.w.org\/{rel}","templated":true}]}}