{"id":253311,"date":"2025-07-23T08:28:18","date_gmt":"2025-07-23T06:28:18","guid":{"rendered":"https:\/\/sky-bubbles.com\/?page_id=253311"},"modified":"2025-07-23T08:43:03","modified_gmt":"2025-07-23T06:43:03","slug":"entrevistamos-a-albert-tschechne-arquitecto-experto-en-espacios-hinchables","status":"publish","type":"page","link":"https:\/\/sky-bubbles.com\/es\/entrevistamos-a-albert-tschechne-arquitecto-experto-en-espacios-hinchables\/","title":{"rendered":"Entrevistamos a Albert Tschechne: Arquitecto experto en espacios hinchables"},"content":{"rendered":"<p>[et_pb_section fb_built=&#8221;1&#8243; _builder_version=&#8221;4.19.0&#8243; _module_preset=&#8221;default&#8221; background_color=&#8221;#f1f1df&#8221; custom_padding=&#8221;0px|||||&#8221; da_disable_devices=&#8221;off|off|off&#8221; locked=&#8221;off&#8221; global_colors_info=&#8221;{}&#8221; da_is_popup=&#8221;off&#8221; da_exit_intent=&#8221;off&#8221; da_has_close=&#8221;on&#8221; da_alt_close=&#8221;off&#8221; da_dark_close=&#8221;off&#8221; da_not_modal=&#8221;on&#8221; da_is_singular=&#8221;off&#8221; da_with_loader=&#8221;off&#8221; da_has_shadow=&#8221;on&#8221;][et_pb_row _builder_version=&#8221;4.27.4&#8243; _module_preset=&#8221;default&#8221; hover_enabled=&#8221;0&#8243; global_colors_info=&#8221;{}&#8221; custom_margin=&#8221;||||false|false&#8221; custom_padding=&#8221;92px||||false|false&#8221; sticky_enabled=&#8221;0&#8243;][et_pb_column type=&#8221;4_4&#8243; _builder_version=&#8221;4.19.0&#8243; _module_preset=&#8221;default&#8221; global_colors_info=&#8221;{}&#8221;][et_pb_text _builder_version=&#8221;4.27.4&#8243; _module_preset=&#8221;default&#8221; text_font=&#8221;Montserrat|700|||||||&#8221; text_text_color=&#8221;#000000&#8243; text_font_size=&#8221;37px&#8221; text_line_height=&#8221;30px&#8221; text_orientation=&#8221;center&#8221; hover_enabled=&#8221;0&#8243; global_colors_info=&#8221;{}&#8221; sticky_enabled=&#8221;0&#8243;]Entrevistamos a Albert Tschechne: Arquitecto experto en espacios hinchables[\/et_pb_text][et_pb_button button_text=&#8221;ENTREVISTAS&#8221; button_alignment=&#8221;center&#8221; module_class=&#8221;df-button dfc-entrevistas&#8221; _builder_version=&#8221;4.19.0&#8243; _module_preset=&#8221;default&#8221; custom_button=&#8221;on&#8221; button_text_size=&#8221;14px&#8221; button_text_color=&#8221;#000000&#8243; button_bg_color=&#8221;RGBA(255,255,255,0)&#8221; button_border_width=&#8221;1px&#8221; button_border_radius=&#8221;100px&#8221; button_use_icon=&#8221;off&#8221; custom_margin=&#8221;|20px|||false|false&#8221; custom_padding=&#8221;0px|20px|0px|20px|false|false&#8221; locked=&#8221;off&#8221; global_colors_info=&#8221;{}&#8221; button_bg_color__hover_enabled=&#8221;on|hover&#8221; button_bg_color__hover=&#8221;#7296ab&#8221; button_bg_enable_color__hover=&#8221;on&#8221; button_text_color__hover_enabled=&#8221;on|hover&#8221; button_text_color__hover=&#8221;#FFFFFF&#8221;][\/et_pb_button][\/et_pb_column][\/et_pb_row][et_pb_row column_structure=&#8221;1_5,3_5,1_5&#8243; _builder_version=&#8221;4.19.0&#8243; _module_preset=&#8221;default&#8221; custom_padding=&#8221;6px|||||&#8221; global_colors_info=&#8221;{}&#8221;][et_pb_column type=&#8221;1_5&#8243; _builder_version=&#8221;4.19.0&#8243; _module_preset=&#8221;default&#8221; global_colors_info=&#8221;{}&#8221;][\/et_pb_column][et_pb_column type=&#8221;3_5&#8243; _builder_version=&#8221;4.19.0&#8243; _module_preset=&#8221;default&#8221; global_colors_info=&#8221;{}&#8221;][et_pb_text _builder_version=&#8221;4.27.4&#8243; _module_preset=&#8221;default&#8221; text_font=&#8221;Montserrat|700|||||||&#8221; text_text_color=&#8221;#000000&#8243; text_font_size=&#8221;17px&#8221; text_orientation=&#8221;center&#8221; hover_enabled=&#8221;0&#8243; global_colors_info=&#8221;{}&#8221; sticky_enabled=&#8221;0&#8243;]Las emociones est\u00e1n ah\u00ed, existen y afloran con m\u00e1s o menos frecuencia en funci\u00f3n de la personalidad del que las vive. De ah\u00ed que el mundo lo dividamos a veces entre los seres m\u00e1s racionales y los m\u00e1s emocionales; y es que muchas veces es la raz\u00f3n la que es capaz de ocultar las emociones o, incluso, tras analizarlas, lograr amortiguar su efecto. Generalmente solemos asociar los seres racionales con el mundo cient\u00edfico; matem\u00e1ticos, f\u00edsicos, inform\u00e1ticos o arquitectos, y a los emocionales los acercamos m\u00e1s al mundo de las letras y el arte. Pero cuando tocas las teclas adecuadas, las emociones afloran, tengas a quien tengas delante. Es ah\u00ed cuando la magia surge y, te aseguro lector, que escuchar hablar con pasi\u00f3n a alguien racional es de lo m\u00e1s bonito que hay. [\/et_pb_text][et_pb_text _builder_version=&#8221;4.27.4&#8243; _module_preset=&#8221;default&#8221; text_font=&#8221;Barlow|300|||||||&#8221; text_text_color=&#8221;#000000&#8243; hover_enabled=&#8221;0&#8243; global_colors_info=&#8221;{}&#8221; sticky_enabled=&#8221;0&#8243;]Hoy entrevisto junto a Quim a uno de esos locos por su trabajo, de esas personas que rezuma arquitectura por todos sus poros. Albert Tschechne es un arquitecto de 30 a\u00f1os que iba para matem\u00e1tico, con un background fuera de lo com\u00fan para alguien de su edad y que actualmente lo encontramos de forma habitual ejerciendo en proyectos del prestigioso y ecl\u00e9ctico despacho berlin\u00e9s Raumlabor. Una de esas personas de talante humilde con quien te vas sorprendiendo cuando te va contando su trayectoria.  Auguro que entre \u00e9l y Quim voy a tener que poner orden ante tanta pasi\u00f3n por el arte de proyectar y construir. [\/et_pb_text][\/et_pb_column][et_pb_column type=&#8221;1_5&#8243; _builder_version=&#8221;4.19.0&#8243; _module_preset=&#8221;default&#8221; global_colors_info=&#8221;{}&#8221;][\/et_pb_column][\/et_pb_row][et_pb_row column_structure=&#8221;1_5,3_5,1_5&#8243; _builder_version=&#8221;4.19.0&#8243; _module_preset=&#8221;default&#8221; global_colors_info=&#8221;{}&#8221;][et_pb_column type=&#8221;1_5&#8243; _builder_version=&#8221;4.19.0&#8243; _module_preset=&#8221;default&#8221; global_colors_info=&#8221;{}&#8221;][\/et_pb_column][et_pb_column type=&#8221;3_5&#8243; _builder_version=&#8221;4.19.0&#8243; _module_preset=&#8221;default&#8221; global_colors_info=&#8221;{}&#8221;][et_pb_text _builder_version=&#8221;4.27.4&#8243; _module_preset=&#8221;default&#8221; text_font=&#8221;Barlow|300|||||||&#8221; text_text_color=&#8221;#000000&#8243; hover_enabled=&#8221;0&#8243; global_colors_info=&#8221;{}&#8221; sticky_enabled=&#8221;0&#8243;]<\/p>\n<p>A. Empec\u00e9 matem\u00e1ticas pero me pas\u00e9 a arquitectura en primero.<\/p>\n<p><strong>P. Carai! \u00bfA qu\u00e9 se debe un cambio tan r\u00e1pido, hubo un momento de clic?<\/strong><\/p>\n<p>A. No exactamente, no hubo un momento en especial que marcara un gran cambio. Me apunt\u00e9 por curiosidad a algunas asignaturas y vi que la arquitectura me permit\u00eda satisfacer 3 aspectos que buscaba y busco: la parte de c\u00e1lculo que conlleva la t\u00e9cnica y l\u00f3gica, la parte creativa que da rienda suelta a la imaginaci\u00f3n y conceptualizaci\u00f3n de espacios, y finalmente, la parte m\u00e1s pr\u00e1ctica y social, ya que esos espacios son usados para mejorar la vida de las personas.<\/p>\n<p><strong>Q. Adem\u00e1s Berl\u00edn es una ciudad \u00fanica para la arquitectura.<\/strong><\/p>\n<p>A. \u00a1Sin duda! Berl\u00edn es una de esas ciudades que ha apostado por la arquitectura en un contexto que iguala en importancia la necesidad de interpretaci\u00f3n de espacio con fines pr\u00e1cticos, la creatividad y estilo.<\/p>\n<p><strong>P. Noto que focalizas mucho el cubrir las necesidades sociales cuando hablas del concepto de arquitectura.<\/strong><\/p>\n<p>A. S\u00ed, para m\u00ed la arquitectura tiene que ser de base un traductor de necesidades sociales en cuanto a uso de espacio, combin\u00e1ndolo obviamente con estilo. Lo \u00fatil y lo bello no tienen porque estar re\u00f1idos.<\/p>\n<p>&nbsp;<\/p>\n<p>[\/et_pb_text][\/et_pb_column][et_pb_column type=&#8221;1_5&#8243; _builder_version=&#8221;4.19.0&#8243; _module_preset=&#8221;default&#8221; global_colors_info=&#8221;{}&#8221;][\/et_pb_column][\/et_pb_row][et_pb_row column_structure=&#8221;1_3,2_3&#8243; make_equal=&#8221;on&#8221; _builder_version=&#8221;4.27.4&#8243; _module_preset=&#8221;default&#8221; width_tablet=&#8221;&#8221; width_phone=&#8221;100%&#8221; width_last_edited=&#8221;on|phone&#8221; max_width=&#8221;2560px&#8221; hover_enabled=&#8221;0&#8243; global_colors_info=&#8221;{}&#8221; sticky_enabled=&#8221;0&#8243;][et_pb_column type=&#8221;1_3&#8243; _builder_version=&#8221;4.27.4&#8243; _module_preset=&#8221;default&#8221; hover_enabled=&#8221;0&#8243; global_colors_info=&#8221;{}&#8221; sticky_enabled=&#8221;0&#8243;][\/et_pb_column][et_pb_column type=&#8221;2_3&#8243; _builder_version=&#8221;4.27.4&#8243; _module_preset=&#8221;default&#8221; custom_padding=&#8221;||||false|false&#8221; hover_enabled=&#8221;0&#8243; global_colors_info=&#8221;{}&#8221; sticky_enabled=&#8221;0&#8243;][et_pb_text _builder_version=&#8221;4.27.4&#8243; _module_preset=&#8221;default&#8221; text_font=&#8221;Playfair Display|500|on||||||&#8221; text_text_color=&#8221;#000000&#8243; text_font_size=&#8221;46px&#8221; text_line_height=&#8221;60px&#8221; hover_enabled=&#8221;0&#8243; text_font_size_tablet=&#8221;46px&#8221; text_font_size_phone=&#8221;35px&#8221; text_font_size_last_edited=&#8221;on|phone&#8221; global_colors_info=&#8221;{}&#8221; sticky_enabled=&#8221;0&#8243;]&#8221;Mi concepci\u00f3n de la arquitectura liga mucho con esta manera de entender el espacio: es impactante, vital, se puede respirar y tiene un mundo por recorrer&#8221;[\/et_pb_text][\/et_pb_column][\/et_pb_row][et_pb_row column_structure=&#8221;1_5,3_5,1_5&#8243; _builder_version=&#8221;4.19.0&#8243; _module_preset=&#8221;default&#8221; global_colors_info=&#8221;{}&#8221;][et_pb_column type=&#8221;1_5&#8243; _builder_version=&#8221;4.19.0&#8243; _module_preset=&#8221;default&#8221; global_colors_info=&#8221;{}&#8221;][\/et_pb_column][et_pb_column type=&#8221;3_5&#8243; _builder_version=&#8221;4.19.0&#8243; _module_preset=&#8221;default&#8221; global_colors_info=&#8221;{}&#8221;][et_pb_text _builder_version=&#8221;4.27.4&#8243; _module_preset=&#8221;default&#8221; text_font=&#8221;Barlow|300|||||||&#8221; text_text_color=&#8221;#000000&#8243; hover_enabled=&#8221;0&#8243; global_colors_info=&#8221;{}&#8221; sticky_enabled=&#8221;0&#8243;]<\/p>\n<p><strong>Q. \u00bfC\u00f3mo alguien de tu edad consigue tener en su portfolio de colaboraciones con personalidades tan importantes del mundo de la arquitectura como Rye Nishizawa?<\/strong><\/p>\n<p>A. Es casi imposible hacer pr\u00e1cticas con este tipo de despachos y arquitectos. \u00a1Yo tuve suerte! Mi madre es de origen japon\u00e9s y mi padre es periodista y escribe art\u00edculos sobre arquitectura. A trav\u00e9s de tener conocimiento de su cultura aut\u00f3ctona me dieron la gran oportunidad de colaborar con ellos.<\/p>\n<p><strong>P. \u00bfDurante cuanto tiempo? <\/strong><\/p>\n<p>A. Estuve 2 a\u00f1os en SANAA, el despacho de los arquitectos Sejna y Nishizawa. Disfrut\u00e9 mucho aprendiendo c\u00f3mo conceptualizan sus edificaciones y c\u00f3mo rentabilizan y maximizan el espacio buscando en todo momento la armon\u00eda.<\/p>\n<p><strong>Q. \u00bfCu\u00e1ndo decides irte?<\/strong><\/p>\n<p>A. \u00a1Digamos que el COVID lo decide por mi! Al empezar la pandemia vuelvo a Europa. Sejna ejerc\u00eda all\u00ed de profesora en el polit\u00e9cnico de Milano, eso fue determinante para que eligiera terminar mis estudios all\u00ed.<\/p>\n<p><strong>Q. El polit\u00e9cnico de Mil\u00e1n es una de las grandes escuelas europeas, \u00bflo disfrutaste?<\/strong><\/p>\n<p>A. \u00a1S\u00ed, mucho!<\/p>\n<p><strong>P. A todo esto, est\u00e1s estudiando en Berlin, te vas a Jap\u00f3n vuelves para estudiar a Mil\u00e1n\u2026 \u00bfc\u00f3mo hiciste para convalidar asignaturas y ex\u00e1menes?<\/strong><\/p>\n<p>A. Hablaba con los profesores, les explicaba la situaci\u00f3n y les hac\u00eda entender que lo que aprend\u00eda era importante, que extracurricularmente era una oportunidad y ellos me permit\u00edan presentarme directamente a los ex\u00e1menes.<\/p>\n<p><strong>P. \u00bfY tu trabajo de final de carrera? <\/strong><\/p>\n<p>A. Quise hacer un pabell\u00f3n inflable, lo present\u00e9 a nivel te\u00f3rico y me permiti\u00f3 sumergirme en la arquitectura inflable. En Berlin tenemos varios proyectos de este tipo y me atrajo mucho la idea.<\/p>\n<p><strong>Q. \u00bfQu\u00e9 es lo que m\u00e1s valoras de la arquitectura hinchable?<\/strong><\/p>\n<p>A. Mi concepci\u00f3n de la arquitectura liga mucho con esta manera de entender el espacio: es impactante, vital, se puede respirar y tiene un mundo por recorrer. Su camino en la b\u00fasqueda de la perfecci\u00f3n a trav\u00e9s del minimalismo y la necesidad de c\u00e1lculo exacto para su realizaci\u00f3n hacen que me vea muy identificado.<\/p>\n<p>[\/et_pb_text][\/et_pb_column][et_pb_column type=&#8221;1_5&#8243; _builder_version=&#8221;4.19.0&#8243; _module_preset=&#8221;default&#8221; global_colors_info=&#8221;{}&#8221;][\/et_pb_column][\/et_pb_row][et_pb_row column_structure=&#8221;1_3,2_3&#8243; make_equal=&#8221;on&#8221; _builder_version=&#8221;4.27.4&#8243; _module_preset=&#8221;default&#8221; width_tablet=&#8221;&#8221; width_phone=&#8221;100%&#8221; width_last_edited=&#8221;on|phone&#8221; max_width=&#8221;2560px&#8221; hover_enabled=&#8221;0&#8243; global_colors_info=&#8221;{}&#8221; sticky_enabled=&#8221;0&#8243;][et_pb_column type=&#8221;1_3&#8243; _builder_version=&#8221;4.27.4&#8243; _module_preset=&#8221;default&#8221; hover_enabled=&#8221;0&#8243; global_colors_info=&#8221;{}&#8221; sticky_enabled=&#8221;0&#8243;][\/et_pb_column][et_pb_column type=&#8221;2_3&#8243; _builder_version=&#8221;4.27.4&#8243; _module_preset=&#8221;default&#8221; custom_padding=&#8221;||||false|false&#8221; hover_enabled=&#8221;0&#8243; global_colors_info=&#8221;{}&#8221; sticky_enabled=&#8221;0&#8243;][et_pb_text _builder_version=&#8221;4.27.4&#8243; _module_preset=&#8221;default&#8221; text_font=&#8221;Playfair Display|500|on||||||&#8221; text_text_color=&#8221;#000000&#8243; text_font_size=&#8221;46px&#8221; text_line_height=&#8221;60px&#8221; hover_enabled=&#8221;0&#8243; text_font_size_tablet=&#8221;46px&#8221; text_font_size_phone=&#8221;35px&#8221; text_font_size_last_edited=&#8221;on|phone&#8221; global_colors_info=&#8221;{}&#8221; sticky_enabled=&#8221;0&#8243;]&#8221;No veo edificios inflables, pero s\u00ed estancias, espacios para museos, despachos\u2026 \u00a1Hay todo un mundo de posibilidades para la arquitectura hinchable coexistiendo con la arquitectura cl\u00e1sica! &#8220;[\/et_pb_text][\/et_pb_column][\/et_pb_row][et_pb_row column_structure=&#8221;1_5,3_5,1_5&#8243; _builder_version=&#8221;4.19.0&#8243; _module_preset=&#8221;default&#8221; global_colors_info=&#8221;{}&#8221;][et_pb_column type=&#8221;1_5&#8243; _builder_version=&#8221;4.19.0&#8243; _module_preset=&#8221;default&#8221; global_colors_info=&#8221;{}&#8221;][\/et_pb_column][et_pb_column type=&#8221;3_5&#8243; _builder_version=&#8221;4.19.0&#8243; _module_preset=&#8221;default&#8221; global_colors_info=&#8221;{}&#8221;][et_pb_text _builder_version=&#8221;4.27.4&#8243; _module_preset=&#8221;default&#8221; text_font=&#8221;Barlow|300|||||||&#8221; text_text_color=&#8221;#000000&#8243; hover_enabled=&#8221;0&#8243; global_colors_info=&#8221;{}&#8221; sticky_enabled=&#8221;0&#8243;]<\/p>\n<p><strong>Q. \u00bfVes la arquitectura hinchable asimilable a alguna escuela de arquitectura cl\u00e1sica en cuanto a conceptos?<\/strong><\/p>\n<p>A. Mi educaci\u00f3n en lo que arquitectura se refiere y mis influencias combinan SANAA y Raumlabor. Entiendo la arquitectura de SANAA como un modernismo inocente y suave, centrado en el flujo, la luz, la transparencia y la materialidad. La arquitectura inflable para m\u00ed es el extremo de estos principios tan modernistas, y s\u00e9 que Sejima tambi\u00e9n aprecia mucho algunos hinchables. Pero tambi\u00e9n en la arquitectura experimental como Raumlabor, la arquitectura hinchable es una forma ideal de crear espacios con flexibilidad, espontaneidad, movilidad, adaptabilidad, ligereza y capacidad de respuesta. En todas estas caracter\u00edsticas entiendo una continuaci\u00f3n razonable de la arquitectura moderna.<\/p>\n<p><strong>P. \u00bfCrees que la Arquitectura Hinchable sustituir\u00e1 en un futuro la arquitectura m\u00e1s cl\u00e1sica? <\/strong><\/p>\n<p>A. No, creo que coexistir\u00e1n y se le dar\u00e1n usos distintos. No veo edificios inflables, pero s\u00ed estancias, espacios para museos, despachos\u2026 \u00a1Hay todo un mundo de posibilidades para la arquitectura hinchable coexistiendo con la arquitectura cl\u00e1sica!<\/p>\n<p><strong>P, Q. \u00a1Muchas gracias Albert!<\/strong><\/p>\n<p>A. \u00a1A vosotros!<\/p>\n<p>[\/et_pb_text][\/et_pb_column][et_pb_column type=&#8221;1_5&#8243; _builder_version=&#8221;4.19.0&#8243; _module_preset=&#8221;default&#8221; global_colors_info=&#8221;{}&#8221;][\/et_pb_column][\/et_pb_row][\/et_pb_section]<\/p>\n","protected":false},"excerpt":{"rendered":"<p>Entrevistamos a Albert Tschechne: Arquitecto experto en espacios hinchablesLas emociones est\u00e1n ah\u00ed, existen y afloran con m\u00e1s o menos frecuencia en funci\u00f3n de la personalidad del que las vive. De ah\u00ed que el mundo lo dividamos a veces entre los seres m\u00e1s racionales y los m\u00e1s emocionales; y es que muchas veces es la raz\u00f3n [&hellip;]<\/p>\n","protected":false},"author":1,"featured_media":0,"parent":0,"menu_order":0,"comment_status":"closed","ping_status":"closed","template":"","meta":{"_et_pb_use_builder":"on","_et_pb_old_content":"","_et_gb_content_width":"","_monsterinsights_skip_tracking":false,"_monsterinsights_sitenote_active":false,"_monsterinsights_sitenote_note":"","_monsterinsights_sitenote_category":0,"footnotes":""},"class_list":["post-253311","page","type-page","status-publish","hentry"],"aioseo_notices":[],"_links":{"self":[{"href":"https:\/\/sky-bubbles.com\/es\/wp-json\/wp\/v2\/pages\/253311","targetHints":{"allow":["GET"]}}],"collection":[{"href":"https:\/\/sky-bubbles.com\/es\/wp-json\/wp\/v2\/pages"}],"about":[{"href":"https:\/\/sky-bubbles.com\/es\/wp-json\/wp\/v2\/types\/page"}],"author":[{"embeddable":true,"href":"https:\/\/sky-bubbles.com\/es\/wp-json\/wp\/v2\/users\/1"}],"replies":[{"embeddable":true,"href":"https:\/\/sky-bubbles.com\/es\/wp-json\/wp\/v2\/comments?post=253311"}],"version-history":[{"count":7,"href":"https:\/\/sky-bubbles.com\/es\/wp-json\/wp\/v2\/pages\/253311\/revisions"}],"predecessor-version":[{"id":253323,"href":"https:\/\/sky-bubbles.com\/es\/wp-json\/wp\/v2\/pages\/253311\/revisions\/253323"}],"wp:attachment":[{"href":"https:\/\/sky-bubbles.com\/es\/wp-json\/wp\/v2\/media?parent=253311"}],"curies":[{"name":"wp","href":"https:\/\/api.w.org\/{rel}","templated":true}]}}