{"id":253077,"date":"2025-05-19T09:10:42","date_gmt":"2025-05-19T07:10:42","guid":{"rendered":"https:\/\/sky-bubbles.com\/?page_id=253077"},"modified":"2025-05-19T10:04:55","modified_gmt":"2025-05-19T08:04:55","slug":"fuller-uno-de-los-pioneros","status":"publish","type":"page","link":"https:\/\/sky-bubbles.com\/es\/fuller-uno-de-los-pioneros\/","title":{"rendered":"Fuller, uno de los pioneros"},"content":{"rendered":"<p>[et_pb_section fb_built=&#8221;1&#8243; _builder_version=&#8221;4.19.0&#8243; _module_preset=&#8221;default&#8221; background_color=&#8221;#f1f1df&#8221; custom_padding=&#8221;0px|||||&#8221; da_disable_devices=&#8221;off|off|off&#8221; locked=&#8221;off&#8221; global_colors_info=&#8221;{}&#8221; da_is_popup=&#8221;off&#8221; da_exit_intent=&#8221;off&#8221; da_has_close=&#8221;on&#8221; da_alt_close=&#8221;off&#8221; da_dark_close=&#8221;off&#8221; da_not_modal=&#8221;on&#8221; da_is_singular=&#8221;off&#8221; da_with_loader=&#8221;off&#8221; da_has_shadow=&#8221;on&#8221;][et_pb_row column_structure=&#8221;1_5,3_5,1_5&#8243; _builder_version=&#8221;4.22.1&#8243; _module_preset=&#8221;default&#8221; global_colors_info=&#8221;{}&#8221;][et_pb_column type=&#8221;1_5&#8243; _builder_version=&#8221;4.19.0&#8243; _module_preset=&#8221;default&#8221; global_colors_info=&#8221;{}&#8221;][\/et_pb_column][et_pb_column type=&#8221;3_5&#8243; _builder_version=&#8221;4.19.0&#8243; _module_preset=&#8221;default&#8221; global_colors_info=&#8221;{}&#8221;][et_pb_text _builder_version=&#8221;4.27.4&#8243; _module_preset=&#8221;default&#8221; text_font=&#8221;Montserrat|700|||||||&#8221; text_text_color=&#8221;#000000&#8243; text_font_size=&#8221;37px&#8221; text_line_height=&#8221;30px&#8221; text_orientation=&#8221;center&#8221; hover_enabled=&#8221;0&#8243; global_colors_info=&#8221;{}&#8221; sticky_enabled=&#8221;0&#8243;]Fuller, uno de los pioneros[\/et_pb_text][et_pb_button button_text=&#8221;APRENDIZAJE&#8221; button_alignment=&#8221;center&#8221; module_class=&#8221;df-button dfc-entrevistas&#8221; _builder_version=&#8221;4.27.4&#8243; _module_preset=&#8221;default&#8221; custom_button=&#8221;on&#8221; button_text_size=&#8221;14px&#8221; button_text_color=&#8221;#000000&#8243; button_bg_color=&#8221;RGBA(255,255,255,0)&#8221; button_border_width=&#8221;1px&#8221; button_border_radius=&#8221;100px&#8221; button_use_icon=&#8221;off&#8221; custom_margin=&#8221;|20px|||false|false&#8221; custom_padding=&#8221;0px|20px|0px|20px|false|false&#8221; hover_enabled=&#8221;0&#8243; locked=&#8221;off&#8221; global_colors_info=&#8221;{}&#8221; button_bg_color__hover_enabled=&#8221;on|hover&#8221; button_bg_color__hover=&#8221;#7296ab&#8221; button_bg_enable_color__hover=&#8221;on&#8221; button_text_color__hover_enabled=&#8221;on|hover&#8221; button_text_color__hover=&#8221;#FFFFFF&#8221; sticky_enabled=&#8221;0&#8243;][\/et_pb_button][\/et_pb_column][et_pb_column type=&#8221;1_5&#8243; _builder_version=&#8221;4.19.0&#8243; _module_preset=&#8221;default&#8221; global_colors_info=&#8221;{}&#8221;][\/et_pb_column][\/et_pb_row][et_pb_row column_structure=&#8221;1_5,3_5,1_5&#8243; _builder_version=&#8221;4.19.0&#8243; _module_preset=&#8221;default&#8221; global_colors_info=&#8221;{}&#8221;][et_pb_column type=&#8221;1_5&#8243; _builder_version=&#8221;4.19.0&#8243; _module_preset=&#8221;default&#8221; global_colors_info=&#8221;{}&#8221;][\/et_pb_column][et_pb_column type=&#8221;3_5&#8243; _builder_version=&#8221;4.19.0&#8243; _module_preset=&#8221;default&#8221; global_colors_info=&#8221;{}&#8221;][et_pb_text _builder_version=&#8221;4.27.4&#8243; _module_preset=&#8221;default&#8221; text_font=&#8221;Barlow|300|||||||&#8221; text_text_color=&#8221;#000000&#8243; hover_enabled=&#8221;0&#8243; global_colors_info=&#8221;{}&#8221; sticky_enabled=&#8221;0&#8243;]Richard Buckminster Fuller, uno de los grandes visionarios del siglo XX, dedic\u00f3 su vida a repensar la arquitectura y el dise\u00f1o con un enfoque basado en la eficiencia, la sostenibilidad y la adaptabilidad. Cre\u00eda firmemente que la humanidad deb\u00eda desarrollar soluciones estructurales que permitieran maximizar los recursos y minimizar el impacto ambiental.[\/et_pb_text][\/et_pb_column][et_pb_column type=&#8221;1_5&#8243; _builder_version=&#8221;4.19.0&#8243; _module_preset=&#8221;default&#8221; global_colors_info=&#8221;{}&#8221;][\/et_pb_column][\/et_pb_row][et_pb_row column_structure=&#8221;2_5,3_5&#8243; make_equal=&#8221;on&#8221; _builder_version=&#8221;4.27.4&#8243; _module_preset=&#8221;default&#8221; width_tablet=&#8221;&#8221; width_phone=&#8221;80%&#8221; width_last_edited=&#8221;on|phone&#8221; max_width=&#8221;2560px&#8221; hover_enabled=&#8221;0&#8243; locked=&#8221;off&#8221; global_colors_info=&#8221;{}&#8221; sticky_enabled=&#8221;0&#8243;][et_pb_column type=&#8221;2_5&#8243; _builder_version=&#8221;4.27.4&#8243; _module_preset=&#8221;default&#8221; custom_padding=&#8221;||||false|false&#8221; hover_enabled=&#8221;0&#8243; global_colors_info=&#8221;{}&#8221; sticky_enabled=&#8221;0&#8243;][et_pb_image src=&#8221;https:\/\/sky-bubbles.com\/wp-content\/uploads\/2025\/05\/3058386-inline-i-1-how-counterculture-design-guru-buckminster-fuller-rationalized-his-crazy-ideas.jpg&#8221; title_text=&#8221;3058386-inline-i-1-how-counterculture-design-guru-buckminster-fuller-rationalized-his-crazy-ideas&#8221; _builder_version=&#8221;4.27.4&#8243; _module_preset=&#8221;default&#8221; hover_enabled=&#8221;0&#8243; global_colors_info=&#8221;{}&#8221; sticky_enabled=&#8221;0&#8243;][\/et_pb_image][\/et_pb_column][et_pb_column type=&#8221;3_5&#8243; _builder_version=&#8221;4.27.0&#8243; _module_preset=&#8221;default&#8221; custom_css_main_element=&#8221;align-self: center;&#8221; global_colors_info=&#8221;{}&#8221;][et_pb_text _builder_version=&#8221;4.27.4&#8243; _module_preset=&#8221;default&#8221; text_font=&#8221;Barlow|300|||||||&#8221; text_text_color=&#8221;#000000&#8243; hover_enabled=&#8221;0&#8243; global_colors_info=&#8221;{}&#8221; sticky_enabled=&#8221;0&#8243;]<\/p>\n<p>Para Fuller, la <strong>arquitectura<\/strong> no solo era un medio para construir espacios, sino una <strong>herramienta para redefinir la relaci\u00f3n del ser humano con su entorno<\/strong>. Su legado se materializ\u00f3 en inventos como la <strong>c\u00fapula geod\u00e9sica<\/strong>, un dise\u00f1o ultraligero y resistente que revolucion\u00f3 la manera de concebir la habitabilidad. Bajo su filosof\u00eda de &#8220;hacer m\u00e1s con menos&#8221;, promovi\u00f3 el uso de estructuras flexibles y autosuficientes, dise\u00f1adas para optimizar recursos sin comprometer funcionalidad ni confort. Su obra anticip\u00f3 muchas de las preocupaciones actuales sobre el cambio clim\u00e1tico y el crecimiento urbano descontrolado, proponiendo alternativas que, en su momento, parec\u00edan ut\u00f3picas, pero que hoy cobran m\u00e1s relevancia que nunca.<\/p>\n<p>[\/et_pb_text][et_pb_text _builder_version=&#8221;4.27.4&#8243; _module_preset=&#8221;default&#8221; text_font=&#8221;Barlow|300|||||||&#8221; text_text_color=&#8221;#000000&#8243; hover_enabled=&#8221;0&#8243; global_colors_info=&#8221;{}&#8221; sticky_enabled=&#8221;0&#8243;]<\/p>\n<p>En este contexto de innovaci\u00f3n y b\u00fasqueda de soluciones sostenibles, tenemos la certeza que <strong>en las Skybubbles hay mucho de Fuller<\/strong>, emergiendo como una materializaci\u00f3n contempor\u00e1nea de su visi\u00f3n. Nuestro proyecto de alojamiento fusiona arquitectura y naturaleza en una propuesta que elimina barreras y permite una experiencia inmersiva en el entorno, sin alterar su equilibrio. <strong>Skybubbles<\/strong> no es solo una reinterpretaci\u00f3n del concepto de h\u00e1bitat, sino <strong>una evoluci\u00f3n l\u00f3gica de los principios de Fuller<\/strong>, aplicados a una era en la que la sostenibilidad y la experiencia sensorial se han convertido en factores clave para la arquitectura y el dise\u00f1o<\/p>\n<p>[\/et_pb_text][\/et_pb_column][\/et_pb_row][et_pb_row column_structure=&#8221;3_5,2_5&#8243; make_equal=&#8221;on&#8221; _builder_version=&#8221;4.27.4&#8243; _module_preset=&#8221;default&#8221; width_tablet=&#8221;&#8221; width_phone=&#8221;80%&#8221; width_last_edited=&#8221;on|phone&#8221; max_width=&#8221;2560px&#8221; locked=&#8221;off&#8221; global_colors_info=&#8221;{}&#8221;][et_pb_column type=&#8221;3_5&#8243; _builder_version=&#8221;4.27.4&#8243; _module_preset=&#8221;default&#8221; custom_padding=&#8221;||||false|false&#8221; custom_css_main_element=&#8221;align-self: center;&#8221; global_colors_info=&#8221;{}&#8221;][et_pb_text _builder_version=&#8221;4.27.4&#8243; _module_preset=&#8221;default&#8221; text_font=&#8221;Barlow|300|||||||&#8221; text_text_color=&#8221;#000000&#8243; hover_enabled=&#8221;0&#8243; global_colors_info=&#8221;{}&#8221; sticky_enabled=&#8221;0&#8243;]<\/p>\n<p>Al igual que las c\u00fapulas geod\u00e9sicas de Fuller, <strong>las Skybubbles est\u00e1n dise\u00f1adas con un m\u00ednimo de material y m\u00e1xima resistencia estructural<\/strong>. Su dise\u00f1o neum\u00e1tico permite una distribuci\u00f3n eficiente de la presi\u00f3n del aire, lo que garantiza estabilidad sin necesidad de cimentaci\u00f3n ni alteraciones en el terreno. Esto no solo<strong> facilita su instalaci\u00f3n y transporte<\/strong>, sino que <strong>tambi\u00e9n reduce su impacto ambiental a pr\u00e1cticamente cero<\/strong>. Fuller siempre abog\u00f3 por una arquitectura ligera, n\u00f3mada y adaptable, y Skybubbles lo hace realidad, permitiendo que las estructuras puedan reubicarse sin dejar huella en el paisaje.<\/p>\n<p>[\/et_pb_text][et_pb_text _builder_version=&#8221;4.27.4&#8243; _module_preset=&#8221;default&#8221; text_font=&#8221;Barlow|300|||||||&#8221; text_text_color=&#8221;#000000&#8243; hover_enabled=&#8221;0&#8243; global_colors_info=&#8221;{}&#8221; sticky_enabled=&#8221;0&#8243;]<\/p>\n<p>Pero m\u00e1s all\u00e1 de la estructura, lo que realmente conecta Skybubbles con la obra de Fuller es la <strong>experiencia del espacio<\/strong>. Para \u00e9l, la arquitectura no deb\u00eda ser un l\u00edmite entre el ser humano y su entorno, sino un medio para potenciar la conexi\u00f3n con la naturaleza. En Skybubbles llevamos esta idea al extremo, <strong>ofreciendo una estancia en la que los l\u00edmites desaparecen y el paisaje se convierte en el verdadero protagonista<\/strong>. Dormir bajo el cielo abierto sin barreras visuales, sin interferencias arquitect\u00f3nicas y con una integraci\u00f3n total con el entorno es la manifestaci\u00f3n m\u00e1s pura de la visi\u00f3n de Fuller sobre una arquitectura que no impone, sino que fluye con su contexto.<\/p>\n<p>[\/et_pb_text][\/et_pb_column][et_pb_column type=&#8221;2_5&#8243; _builder_version=&#8221;4.27.4&#8243; _module_preset=&#8221;default&#8221; custom_css_main_element=&#8221;align-self: center;&#8221; global_colors_info=&#8221;{}&#8221;][et_pb_image src=&#8221;https:\/\/sky-bubbles.com\/wp-content\/uploads\/2025\/05\/Amila-23-scaled.jpg&#8221; title_text=&#8221;Amila (23)&#8221; _builder_version=&#8221;4.27.4&#8243; _module_preset=&#8221;default&#8221; hover_enabled=&#8221;0&#8243; global_colors_info=&#8221;{}&#8221; sticky_enabled=&#8221;0&#8243;][\/et_pb_image][\/et_pb_column][\/et_pb_row][et_pb_row column_structure=&#8221;1_5,3_5,1_5&#8243; use_custom_gutter=&#8221;on&#8221; gutter_width=&#8221;1&#8243; _builder_version=&#8221;4.27.0&#8243; _module_preset=&#8221;default&#8221; custom_padding=&#8221;0px|||||&#8221; global_colors_info=&#8221;{}&#8221;][et_pb_column type=&#8221;1_5&#8243; disabled_on=&#8221;on|off|off&#8221; _builder_version=&#8221;4.27.0&#8243; _module_preset=&#8221;default&#8221; custom_css_main_element=&#8221;width: 20%!important;&#8221; global_colors_info=&#8221;{}&#8221;][\/et_pb_column][et_pb_column type=&#8221;3_5&#8243; _builder_version=&#8221;4.27.0&#8243; _module_preset=&#8221;default&#8221; global_colors_info=&#8221;{}&#8221; custom_css_main_element_last_edited=&#8221;on|desktop&#8221;][et_pb_text _builder_version=&#8221;4.27.4&#8243; _module_preset=&#8221;default&#8221; text_font=&#8221;Playfair Display|500|on||||||&#8221; text_text_color=&#8221;#000000&#8243; text_font_size=&#8221;23px&#8221; text_line_height=&#8221;39.3px&#8221; hover_enabled=&#8221;0&#8243; text_font_size_tablet=&#8221;46px&#8221; text_font_size_phone=&#8221;35px&#8221; text_font_size_last_edited=&#8221;on|phone&#8221; global_colors_info=&#8221;{}&#8221; sticky_enabled=&#8221;0&#8243;]Otro punto clave en la conexi\u00f3n entre Fuller y Skybubbles es la sostenibilidad. Mientras que la arquitectura tradicional ha estado marcada por el consumo excesivo de recursos y la generaci\u00f3n de residuos, Fuller imagin\u00f3 un mundo donde las estructuras fueran autosuficientes y energ\u00e9ticamente eficientes. En esa l\u00ednea, Skybubbles no solo busca minimizar el impacto ambiental, sino que tambi\u00e9n apuesta por materiales reciclables y tecnolog\u00edas de bajo consumo, aline\u00e1ndose con una arquitectura m\u00e1s respetuosa con el ecosistema.[\/et_pb_text][\/et_pb_column][et_pb_column type=&#8221;1_5&#8243; disabled_on=&#8221;on|off|off&#8221; _builder_version=&#8221;4.27.0&#8243; _module_preset=&#8221;default&#8221; custom_css_main_element=&#8221;width: 20%!important;&#8221; global_colors_info=&#8221;{}&#8221;][\/et_pb_column][\/et_pb_row][et_pb_row column_structure=&#8221;2_5,3_5&#8243; make_equal=&#8221;on&#8221; _builder_version=&#8221;4.27.4&#8243; _module_preset=&#8221;default&#8221; width_tablet=&#8221;&#8221; width_phone=&#8221;80%&#8221; width_last_edited=&#8221;on|phone&#8221; max_width=&#8221;2560px&#8221; locked=&#8221;off&#8221; global_colors_info=&#8221;{}&#8221;][et_pb_column type=&#8221;2_5&#8243; _builder_version=&#8221;4.27.4&#8243; _module_preset=&#8221;default&#8221; custom_padding=&#8221;||||false|false&#8221; custom_css_main_element=&#8221;align-self: center;&#8221; global_colors_info=&#8221;{}&#8221;][et_pb_image src=&#8221;https:\/\/sky-bubbles.com\/wp-content\/uploads\/2025\/05\/domus-buckminster-fuller-1.jpg.foto_.rbig_.avif&#8221; title_text=&#8221;domus-buckminster-fuller-1.jpg.foto.rbig&#8221; _builder_version=&#8221;4.27.4&#8243; _module_preset=&#8221;default&#8221; hover_enabled=&#8221;0&#8243; global_colors_info=&#8221;{}&#8221; sticky_enabled=&#8221;0&#8243;][\/et_pb_image][\/et_pb_column][et_pb_column type=&#8221;3_5&#8243; _builder_version=&#8221;4.27.4&#8243; _module_preset=&#8221;default&#8221; custom_css_main_element=&#8221;align-self: center;&#8221; global_colors_info=&#8221;{}&#8221;][et_pb_text _builder_version=&#8221;4.27.4&#8243; _module_preset=&#8221;default&#8221; text_font=&#8221;Barlow|300|||||||&#8221; text_text_color=&#8221;#000000&#8243; hover_enabled=&#8221;0&#8243; global_colors_info=&#8221;{}&#8221; sticky_enabled=&#8221;0&#8243;]<\/p>\n<p>A lo largo de su vida, Fuller defendi\u00f3 que el futuro de la arquitectura <strong>no estaba en construir m\u00e1s, sino en construir mejor<\/strong>: estructuras m\u00e1s inteligentes, ligeras y respetuosas con el medio ambiente. Skybubbles encarna esta filosof\u00eda, proporcionando una alternativa real a los modelos tradicionales de alojamiento y demostrando que es posible habitar la naturaleza sin alterar su equilibrio.<\/p>\n<p>[\/et_pb_text][et_pb_text _builder_version=&#8221;4.27.4&#8243; _module_preset=&#8221;default&#8221; text_font=&#8221;Barlow|300|||||||&#8221; text_text_color=&#8221;#000000&#8243; hover_enabled=&#8221;0&#8243; global_colors_info=&#8221;{}&#8221; sticky_enabled=&#8221;0&#8243;]Nos gusta pensar que si Buckminster Fuller estuviera vivo hoy, probablemente ver\u00eda en Skybubbles como la confirmaci\u00f3n de sus ideas y un ejemplo de c\u00f3mo su visi\u00f3n sigue vigente en la b\u00fasqueda de un mundo m\u00e1s sostenible y conectado con la naturaleza.[\/et_pb_text][\/et_pb_column][\/et_pb_row][\/et_pb_section]<\/p>\n","protected":false},"excerpt":{"rendered":"<p>Fuller, uno de los pionerosRichard Buckminster Fuller, uno de los grandes visionarios del siglo XX, dedic\u00f3 su vida a repensar la arquitectura y el dise\u00f1o con un enfoque basado en la eficiencia, la sostenibilidad y la adaptabilidad. Cre\u00eda firmemente que la humanidad deb\u00eda desarrollar soluciones estructurales que permitieran maximizar los recursos y minimizar el impacto [&hellip;]<\/p>\n","protected":false},"author":1,"featured_media":0,"parent":0,"menu_order":0,"comment_status":"closed","ping_status":"closed","template":"","meta":{"_et_pb_use_builder":"on","_et_pb_old_content":"","_et_gb_content_width":"","_monsterinsights_skip_tracking":false,"_monsterinsights_sitenote_active":false,"_monsterinsights_sitenote_note":"","_monsterinsights_sitenote_category":0,"footnotes":""},"class_list":["post-253077","page","type-page","status-publish","hentry"],"aioseo_notices":[],"_links":{"self":[{"href":"https:\/\/sky-bubbles.com\/es\/wp-json\/wp\/v2\/pages\/253077","targetHints":{"allow":["GET"]}}],"collection":[{"href":"https:\/\/sky-bubbles.com\/es\/wp-json\/wp\/v2\/pages"}],"about":[{"href":"https:\/\/sky-bubbles.com\/es\/wp-json\/wp\/v2\/types\/page"}],"author":[{"embeddable":true,"href":"https:\/\/sky-bubbles.com\/es\/wp-json\/wp\/v2\/users\/1"}],"replies":[{"embeddable":true,"href":"https:\/\/sky-bubbles.com\/es\/wp-json\/wp\/v2\/comments?post=253077"}],"version-history":[{"count":8,"href":"https:\/\/sky-bubbles.com\/es\/wp-json\/wp\/v2\/pages\/253077\/revisions"}],"predecessor-version":[{"id":253093,"href":"https:\/\/sky-bubbles.com\/es\/wp-json\/wp\/v2\/pages\/253077\/revisions\/253093"}],"wp:attachment":[{"href":"https:\/\/sky-bubbles.com\/es\/wp-json\/wp\/v2\/media?parent=253077"}],"curies":[{"name":"wp","href":"https:\/\/api.w.org\/{rel}","templated":true}]}}